{"id":50,"date":"2011-03-07T20:09:25","date_gmt":"2011-03-07T19:09:25","guid":{"rendered":"https:\/\/www.salonsmariage.com\/index\/?page_id=50"},"modified":"2025-02-06T11:24:40","modified_gmt":"2025-02-06T10:24:40","slug":"lentreprise-id-organisation","status":"publish","type":"page","link":"https:\/\/www.salonsmariage.com\/index\/lentreprise-id-organisation\/","title":{"rendered":"QUI SOMMES NOUS ?"},"content":{"rendered":"\t\t<div data-elementor-type=\"wp-page\" data-elementor-id=\"50\" class=\"elementor elementor-50\" data-elementor-post-type=\"page\">\n\t\t\t\t\t\t<section class=\"elementor-section elementor-top-section elementor-element elementor-element-6732a899 elementor-section-boxed elementor-section-height-default elementor-section-height-default\" data-id=\"6732a899\" data-element_type=\"section\" data-e-type=\"section\" data-settings=\"{&quot;background_background&quot;:&quot;classic&quot;,&quot;shape_divider_bottom&quot;:&quot;curve&quot;,&quot;shape_divider_bottom_negative&quot;:&quot;yes&quot;}\">\n\t\t\t\t\t\t\t<div class=\"elementor-background-overlay\"><\/div>\n\t\t\t\t\t\t<div class=\"elementor-shape elementor-shape-bottom\" aria-hidden=\"true\" data-negative=\"true\">\n\t\t\t<svg xmlns=\"http:\/\/www.w3.org\/2000\/svg\" viewBox=\"0 0 1000 100\" preserveAspectRatio=\"none\">\n\t<path class=\"elementor-shape-fill\" d=\"M500,97C126.7,96.3,0.8,19.8,0,0v100l1000,0V1C1000,19.4,873.3,97.8,500,97z\"\/>\n<\/svg>\t\t<\/div>\n\t\t\t\t\t<div class=\"elementor-container elementor-column-gap-default\">\n\t\t\t\t\t<div class=\"elementor-column elementor-col-100 elementor-top-column elementor-element elementor-element-5ac91a12\" data-id=\"5ac91a12\" data-element_type=\"column\" data-e-type=\"column\">\n\t\t\t<div class=\"elementor-widget-wrap elementor-element-populated\">\n\t\t\t\t\t\t<div class=\"elementor-element elementor-element-3b92d15d elementor-widget elementor-widget-heading\" data-id=\"3b92d15d\" data-element_type=\"widget\" data-e-type=\"widget\" data-widget_type=\"heading.default\">\n\t\t\t\t<div class=\"elementor-widget-container\">\n\t\t\t\t\t<h2 class=\"elementor-heading-title elementor-size-default\">Qui sommes nous ?<\/h2>\t\t\t\t<\/div>\n\t\t\t\t<\/div>\n\t\t\t\t\t<\/div>\n\t\t<\/div>\n\t\t\t\t\t<\/div>\n\t\t<\/section>\n\t\t\t\t<section class=\"elementor-section elementor-top-section elementor-element elementor-element-63708474 elementor-section-boxed elementor-section-height-default elementor-section-height-default\" data-id=\"63708474\" data-element_type=\"section\" data-e-type=\"section\" data-settings=\"{&quot;background_background&quot;:&quot;gradient&quot;,&quot;shape_divider_top&quot;:&quot;waves&quot;}\">\n\t\t\t\t\t\t\t<div class=\"elementor-background-overlay\"><\/div>\n\t\t\t\t\t\t<div class=\"elementor-shape elementor-shape-top\" aria-hidden=\"true\" data-negative=\"false\">\n\t\t\t<svg xmlns=\"http:\/\/www.w3.org\/2000\/svg\" viewBox=\"0 0 1000 100\" preserveAspectRatio=\"none\">\n\t<path class=\"elementor-shape-fill\" d=\"M421.9,6.5c22.6-2.5,51.5,0.4,75.5,5.3c23.6,4.9,70.9,23.5,100.5,35.7c75.8,32.2,133.7,44.5,192.6,49.7\n\tc23.6,2.1,48.7,3.5,103.4-2.5c54.7-6,106.2-25.6,106.2-25.6V0H0v30.3c0,0,72,32.6,158.4,30.5c39.2-0.7,92.8-6.7,134-22.4\n\tc21.2-8.1,52.2-18.2,79.7-24.2C399.3,7.9,411.6,7.5,421.9,6.5z\"\/>\n<\/svg>\t\t<\/div>\n\t\t\t\t\t<div class=\"elementor-container elementor-column-gap-default\">\n\t\t\t\t\t<div class=\"elementor-column elementor-col-50 elementor-top-column elementor-element elementor-element-3791f472\" data-id=\"3791f472\" data-element_type=\"column\" data-e-type=\"column\">\n\t\t\t<div class=\"elementor-widget-wrap elementor-element-populated\">\n\t\t\t\t\t\t<div class=\"elementor-element elementor-element-7fd4812d elementor-widget elementor-widget-heading\" data-id=\"7fd4812d\" data-element_type=\"widget\" data-e-type=\"widget\" data-widget_type=\"heading.default\">\n\t\t\t\t<div class=\"elementor-widget-container\">\n\t\t\t\t\t<h2 class=\"elementor-heading-title elementor-size-default\">ID Organisation, c\u2019est une \u00e9quipe soud\u00e9e, dynamique et p\u00e9tillante d\u2019id\u00e9es, \u00e0 l\u2019\u00e9coute des tendances et de ses clients, qui a su s\u2019imposer sur le march\u00e9 des salons du mariage en \u00ab d\u00e9poussi\u00e9rant \u00bb le concept. En effet, depuis 2008, ID Organisation propose dans tout le sud de la France, des salons de grande envergure (jusqu\u2019\u00e0 120 exposants pour certains salons !) avec un r\u00e9el int\u00e9r\u00eat de visite pour les futurs mari\u00e9s (animations, d\u00e9coration, ateliers, d\u00e9fil\u00e9s modernes\u2026).\n\nAvec l\u2019organisation de pas moins d\u2019une Soixantaine de salons dans le grand Sud depuis 2008 dont 7 salons pour la saison 2023 \/ 2024, qui continueront en 2024-2025. ID Organisation s\u2019est impos\u00e9 comme le plus gros organisateur de salons du mariage de son secteur.<\/h2>\t\t\t\t<\/div>\n\t\t\t\t<\/div>\n\t\t\t\t<div class=\"elementor-element elementor-element-46982c2 elementor-align-center elementor-widget elementor-widget-button\" data-id=\"46982c2\" data-element_type=\"widget\" data-e-type=\"widget\" data-widget_type=\"button.default\">\n\t\t\t\t<div class=\"elementor-widget-container\">\n\t\t\t\t\t\t\t\t\t<div class=\"elementor-button-wrapper\">\n\t\t\t\t\t<a class=\"elementor-button elementor-button-link elementor-size-sm\" href=\"https:\/\/www.salonsmariage.com\/index\/nous-rejoindre\/\">\n\t\t\t\t\t\t<span class=\"elementor-button-content-wrapper\">\n\t\t\t\t\t\t\t\t\t<span class=\"elementor-button-text\">Nous rejoindre <\/span>\n\t\t\t\t\t<\/span>\n\t\t\t\t\t<\/a>\n\t\t\t\t<\/div>\n\t\t\t\t\t\t\t\t<\/div>\n\t\t\t\t<\/div>\n\t\t\t\t\t<\/div>\n\t\t<\/div>\n\t\t\t\t<div class=\"elementor-column elementor-col-50 elementor-top-column elementor-element elementor-element-25fb6495\" data-id=\"25fb6495\" data-element_type=\"column\" data-e-type=\"column\">\n\t\t\t<div class=\"elementor-widget-wrap elementor-element-populated\">\n\t\t\t\t\t\t<div class=\"elementor-element elementor-element-560cb0d6 elementor-widget elementor-widget-image\" data-id=\"560cb0d6\" data-element_type=\"widget\" data-e-type=\"widget\" data-settings=\"{&quot;motion_fx_motion_fx_scrolling&quot;:&quot;yes&quot;,&quot;motion_fx_translateY_effect&quot;:&quot;yes&quot;,&quot;motion_fx_translateY_direction&quot;:&quot;negative&quot;,&quot;motion_fx_translateY_speed&quot;:{&quot;unit&quot;:&quot;px&quot;,&quot;size&quot;:&quot;1&quot;,&quot;sizes&quot;:[]},&quot;motion_fx_devices&quot;:[&quot;desktop&quot;,&quot;tablet&quot;],&quot;motion_fx_translateY_affectedRange&quot;:{&quot;unit&quot;:&quot;%&quot;,&quot;size&quot;:&quot;&quot;,&quot;sizes&quot;:{&quot;start&quot;:&quot;0&quot;,&quot;end&quot;:&quot;50&quot;}}}\" data-widget_type=\"image.default\">\n\t\t\t\t<div class=\"elementor-widget-container\">\n\t\t\t\t\t\t\t\t\t\t\t\t\t\t\t<img fetchpriority=\"high\" decoding=\"async\" width=\"800\" height=\"533\" src=\"https:\/\/www.salonsmariage.com\/index\/wp-content\/uploads\/2011\/03\/backstage-salon-du-mariage-1.jpg\" class=\"attachment-large size-large wp-image-1380\" alt=\"ID ORGANISATION\" srcset=\"https:\/\/www.salonsmariage.com\/index\/wp-content\/uploads\/2011\/03\/backstage-salon-du-mariage-1.jpg 960w, https:\/\/www.salonsmariage.com\/index\/wp-content\/uploads\/2011\/03\/backstage-salon-du-mariage-1-600x400.jpg 600w, https:\/\/www.salonsmariage.com\/index\/wp-content\/uploads\/2011\/03\/backstage-salon-du-mariage-1-300x200.jpg 300w, https:\/\/www.salonsmariage.com\/index\/wp-content\/uploads\/2011\/03\/backstage-salon-du-mariage-1-768x512.jpg 768w, https:\/\/www.salonsmariage.com\/index\/wp-content\/uploads\/2011\/03\/backstage-salon-du-mariage-1-200x133.jpg 200w, https:\/\/www.salonsmariage.com\/index\/wp-content\/uploads\/2011\/03\/backstage-salon-du-mariage-1-400x267.jpg 400w, https:\/\/www.salonsmariage.com\/index\/wp-content\/uploads\/2011\/03\/backstage-salon-du-mariage-1-800x533.jpg 800w\" sizes=\"(max-width: 800px) 100vw, 800px\" \/>\t\t\t\t\t\t\t\t\t\t\t\t\t\t\t<\/div>\n\t\t\t\t<\/div>\n\t\t\t\t\t<\/div>\n\t\t<\/div>\n\t\t\t\t\t<\/div>\n\t\t<\/section>\n\t\t\t\t<section class=\"elementor-section elementor-top-section elementor-element elementor-element-31aa948c elementor-section-height-min-height elementor-reverse-mobile elementor-reverse-tablet elementor-section-boxed elementor-section-height-default elementor-section-items-middle\" data-id=\"31aa948c\" data-element_type=\"section\" data-e-type=\"section\" data-settings=\"{&quot;background_background&quot;:&quot;classic&quot;}\">\n\t\t\t\t\t\t\t<div class=\"elementor-background-overlay\"><\/div>\n\t\t\t\t\t\t\t<div class=\"elementor-container elementor-column-gap-default\">\n\t\t\t\t\t<div class=\"elementor-column elementor-col-50 elementor-top-column elementor-element elementor-element-5c422374\" data-id=\"5c422374\" data-element_type=\"column\" data-e-type=\"column\">\n\t\t\t<div class=\"elementor-widget-wrap elementor-element-populated\">\n\t\t\t\t\t\t<div class=\"elementor-element elementor-element-18bd7b18 elementor-widget elementor-widget-image\" data-id=\"18bd7b18\" data-element_type=\"widget\" data-e-type=\"widget\" data-widget_type=\"image.default\">\n\t\t\t\t<div class=\"elementor-widget-container\">\n\t\t\t\t\t\t\t\t\t\t\t\t\t\t\t<img decoding=\"async\" width=\"960\" height=\"640\" src=\"https:\/\/www.salonsmariage.com\/index\/wp-content\/uploads\/2011\/03\/philippe-regie.jpg\" class=\"attachment-full size-full wp-image-1382\" alt=\"\" srcset=\"https:\/\/www.salonsmariage.com\/index\/wp-content\/uploads\/2011\/03\/philippe-regie.jpg 960w, https:\/\/www.salonsmariage.com\/index\/wp-content\/uploads\/2011\/03\/philippe-regie-600x400.jpg 600w, https:\/\/www.salonsmariage.com\/index\/wp-content\/uploads\/2011\/03\/philippe-regie-300x200.jpg 300w, https:\/\/www.salonsmariage.com\/index\/wp-content\/uploads\/2011\/03\/philippe-regie-768x512.jpg 768w, https:\/\/www.salonsmariage.com\/index\/wp-content\/uploads\/2011\/03\/philippe-regie-200x133.jpg 200w, https:\/\/www.salonsmariage.com\/index\/wp-content\/uploads\/2011\/03\/philippe-regie-400x267.jpg 400w, https:\/\/www.salonsmariage.com\/index\/wp-content\/uploads\/2011\/03\/philippe-regie-800x533.jpg 800w\" sizes=\"(max-width: 960px) 100vw, 960px\">\t\t\t\t\t\t\t\t\t\t\t\t\t\t\t<\/div>\n\t\t\t\t<\/div>\n\t\t\t\t\t<\/div>\n\t\t<\/div>\n\t\t\t\t<div class=\"elementor-column elementor-col-50 elementor-top-column elementor-element elementor-element-7a34af13\" data-id=\"7a34af13\" data-element_type=\"column\" data-e-type=\"column\">\n\t\t\t<div class=\"elementor-widget-wrap elementor-element-populated\">\n\t\t\t\t\t\t<div class=\"elementor-element elementor-element-4ea7f0e4 elementor-hidden-tablet elementor-widget elementor-widget-text-editor\" data-id=\"4ea7f0e4\" data-element_type=\"widget\" data-e-type=\"widget\" data-widget_type=\"text-editor.default\">\n\t\t\t\t<div class=\"elementor-widget-container\">\n\t\t\t\t\t\t\t\t\t<p>Tous les m\u00e9tiers qui tournent autour du mariage y sont repr\u00e9sent\u00e9s et permettent \u00e0 chacun de faire le bon choix et de comparer les prestations et les tarifs des nombreux professionnels pr\u00e9sents.<br \/>ID Organisation innove et propose pour un int\u00e9r\u00eat de visite grandissant, un programme complet avec des animations qui passionneront les futurs mari\u00e9s et les aideront dans leurs choix tout au long de l\u2019organisation de leur mariage. Ces ateliers, programm\u00e9s sur les 2 jours, seront anim\u00e9s par les professionnels de la r\u00e9gion dans un but purement informatif.<\/p>\t\t\t\t\t\t\t\t<\/div>\n\t\t\t\t<\/div>\n\t\t\t\t\t<\/div>\n\t\t<\/div>\n\t\t\t\t\t<\/div>\n\t\t<\/section>\n\t\t\t\t<section class=\"elementor-section elementor-top-section elementor-element elementor-element-1ad88e17 elementor-section-height-min-height elementor-reverse-mobile elementor-reverse-tablet elementor-section-boxed elementor-section-height-default elementor-section-items-middle\" data-id=\"1ad88e17\" data-element_type=\"section\" data-e-type=\"section\" data-settings=\"{&quot;background_background&quot;:&quot;classic&quot;}\">\n\t\t\t\t\t\t\t<div class=\"elementor-background-overlay\"><\/div>\n\t\t\t\t\t\t\t<div class=\"elementor-container elementor-column-gap-default\">\n\t\t\t\t\t<div class=\"elementor-column elementor-col-50 elementor-top-column elementor-element elementor-element-527d4e3b\" data-id=\"527d4e3b\" data-element_type=\"column\" data-e-type=\"column\">\n\t\t\t<div class=\"elementor-widget-wrap elementor-element-populated\">\n\t\t\t\t\t\t<div class=\"elementor-element elementor-element-7dab5455 elementor-widget__width-auto elementor-widget-tablet__width-auto elementor-widget elementor-widget-text-editor\" data-id=\"7dab5455\" data-element_type=\"widget\" data-e-type=\"widget\" data-widget_type=\"text-editor.default\">\n\t\t\t\t<div class=\"elementor-widget-container\">\n\t\t\t\t\t\t\t\t\t<p>Ces salons sont \u00e9galement dits \u00ab chaleureux \u00bb car un soin tout particulier est port\u00e9 sur la \u00ab mise en ambiance \u00bb et la d\u00e9coration. Par exemple, en 2010, vous avez pu retrouver un th\u00e8me \u00ab moderne lounge \u00bb en noir &amp; blanc. En 2013, vous avez retrouv\u00e9 le th\u00e8me en vogue tr\u00e8s bucolique \u00ab Garden chic \u00bb, avec une ambiance \u00ab square \u00bb, et des espaces verts autour du d\u00e9fil\u00e9 et du bar \u00e0 champagne\u2026 En 2015, c\u2019est le style \u00ab Vintage \u00bb qui commen\u00e7ait \u00e0 se rependre et \u00e0 plaire de plus en plus aux mari\u00e9s, ID a donc d\u00e9clin\u00e9 ce th\u00e8me sur ses salons ! Puis 2016 c&rsquo;est le th\u00e8me \u00ab\u00a0boh\u00e8me\u00a0\u00bb qui a remport\u00e9 beaucoup de f\u00e9licitations. En 2017 vous avez d\u00e9couvert le th\u00e8me \u00ab\u00a0Hippie chic\u00a0\u00bb, en 2018, c&rsquo;\u00e9tait tr\u00e8s \u00ab\u00a0Folk\u00a0\u00bb et pour 2019 nous vous proposions le th\u00e8me \u00ab\u00a0Country\u00a0\u00bb. En 2023, le th\u00e8me Hivernal \u00e9tait \u00e0 l&rsquo;honneur. Pour 2024, nous mettons de la couleur avec le th\u00e8me \u00ab\u00a0MEXIQUE\u00a0\u00bb<\/p>\t\t\t\t\t\t\t\t<\/div>\n\t\t\t\t<\/div>\n\t\t\t\t<div class=\"elementor-element elementor-element-7c21a47 elementor-widget__width-auto elementor-hidden-desktop elementor-widget elementor-widget-image\" data-id=\"7c21a47\" data-element_type=\"widget\" data-e-type=\"widget\" data-widget_type=\"image.default\">\n\t\t\t\t<div class=\"elementor-widget-container\">\n\t\t\t\t\t\t\t\t\t\t\t\t\t\t\t<img decoding=\"async\" width=\"960\" height=\"640\" src=\"https:\/\/www.salonsmariage.com\/index\/wp-content\/uploads\/2011\/03\/julie-montage.jpg\" class=\"attachment-full size-full wp-image-1384\" alt=\"\" srcset=\"https:\/\/www.salonsmariage.com\/index\/wp-content\/uploads\/2011\/03\/julie-montage.jpg 960w, https:\/\/www.salonsmariage.com\/index\/wp-content\/uploads\/2011\/03\/julie-montage-600x400.jpg 600w, https:\/\/www.salonsmariage.com\/index\/wp-content\/uploads\/2011\/03\/julie-montage-300x200.jpg 300w, https:\/\/www.salonsmariage.com\/index\/wp-content\/uploads\/2011\/03\/julie-montage-768x512.jpg 768w, https:\/\/www.salonsmariage.com\/index\/wp-content\/uploads\/2011\/03\/julie-montage-200x133.jpg 200w, https:\/\/www.salonsmariage.com\/index\/wp-content\/uploads\/2011\/03\/julie-montage-400x267.jpg 400w, https:\/\/www.salonsmariage.com\/index\/wp-content\/uploads\/2011\/03\/julie-montage-800x533.jpg 800w\" sizes=\"(max-width: 960px) 100vw, 960px\">\t\t\t\t\t\t\t\t\t\t\t\t\t\t\t<\/div>\n\t\t\t\t<\/div>\n\t\t\t\t\t<\/div>\n\t\t<\/div>\n\t\t\t\t<div class=\"elementor-column elementor-col-50 elementor-top-column elementor-element elementor-element-7781dc80\" data-id=\"7781dc80\" data-element_type=\"column\" data-e-type=\"column\">\n\t\t\t<div class=\"elementor-widget-wrap elementor-element-populated\">\n\t\t\t\t\t\t<div class=\"elementor-element elementor-element-4751e879 elementor-widget__width-auto elementor-hidden-phone elementor-hidden-tablet elementor-widget elementor-widget-image\" data-id=\"4751e879\" data-element_type=\"widget\" data-e-type=\"widget\" data-settings=\"{&quot;motion_fx_translateY_effect&quot;:&quot;yes&quot;,&quot;motion_fx_translateY_direction&quot;:&quot;negative&quot;,&quot;motion_fx_translateY_speed&quot;:{&quot;unit&quot;:&quot;px&quot;,&quot;size&quot;:&quot;1&quot;,&quot;sizes&quot;:[]},&quot;motion_fx_motion_fx_scrolling&quot;:&quot;yes&quot;,&quot;motion_fx_translateY_affectedRange&quot;:{&quot;unit&quot;:&quot;%&quot;,&quot;size&quot;:&quot;&quot;,&quot;sizes&quot;:{&quot;start&quot;:0,&quot;end&quot;:100}},&quot;motion_fx_devices&quot;:[&quot;desktop&quot;,&quot;tablet&quot;,&quot;mobile&quot;]}\" data-widget_type=\"image.default\">\n\t\t\t\t<div class=\"elementor-widget-container\">\n\t\t\t\t\t\t\t\t\t\t\t\t\t\t\t<img decoding=\"async\" width=\"960\" height=\"640\" src=\"https:\/\/www.salonsmariage.com\/index\/wp-content\/uploads\/2011\/03\/julie-montage.jpg\" class=\"attachment-full size-full wp-image-1384\" alt=\"\" srcset=\"https:\/\/www.salonsmariage.com\/index\/wp-content\/uploads\/2011\/03\/julie-montage.jpg 960w, https:\/\/www.salonsmariage.com\/index\/wp-content\/uploads\/2011\/03\/julie-montage-600x400.jpg 600w, https:\/\/www.salonsmariage.com\/index\/wp-content\/uploads\/2011\/03\/julie-montage-300x200.jpg 300w, https:\/\/www.salonsmariage.com\/index\/wp-content\/uploads\/2011\/03\/julie-montage-768x512.jpg 768w, https:\/\/www.salonsmariage.com\/index\/wp-content\/uploads\/2011\/03\/julie-montage-200x133.jpg 200w, https:\/\/www.salonsmariage.com\/index\/wp-content\/uploads\/2011\/03\/julie-montage-400x267.jpg 400w, https:\/\/www.salonsmariage.com\/index\/wp-content\/uploads\/2011\/03\/julie-montage-800x533.jpg 800w\" sizes=\"(max-width: 960px) 100vw, 960px\">\t\t\t\t\t\t\t\t\t\t\t\t\t\t\t<\/div>\n\t\t\t\t<\/div>\n\t\t\t\t\t<\/div>\n\t\t<\/div>\n\t\t\t\t\t<\/div>\n\t\t<\/section>\n\t\t\t\t<section class=\"elementor-section elementor-top-section elementor-element elementor-element-658fde95 elementor-section-height-min-height elementor-section-boxed elementor-section-height-default elementor-section-items-middle\" data-id=\"658fde95\" data-element_type=\"section\" data-e-type=\"section\" data-settings=\"{&quot;background_background&quot;:&quot;gradient&quot;,&quot;shape_divider_bottom&quot;:&quot;waves&quot;}\">\n\t\t\t\t\t\t\t<div class=\"elementor-background-overlay\"><\/div>\n\t\t\t\t\t\t<div class=\"elementor-shape elementor-shape-bottom\" aria-hidden=\"true\" data-negative=\"false\">\n\t\t\t<svg xmlns=\"http:\/\/www.w3.org\/2000\/svg\" viewBox=\"0 0 1000 100\" preserveAspectRatio=\"none\">\n\t<path class=\"elementor-shape-fill\" d=\"M421.9,6.5c22.6-2.5,51.5,0.4,75.5,5.3c23.6,4.9,70.9,23.5,100.5,35.7c75.8,32.2,133.7,44.5,192.6,49.7\n\tc23.6,2.1,48.7,3.5,103.4-2.5c54.7-6,106.2-25.6,106.2-25.6V0H0v30.3c0,0,72,32.6,158.4,30.5c39.2-0.7,92.8-6.7,134-22.4\n\tc21.2-8.1,52.2-18.2,79.7-24.2C399.3,7.9,411.6,7.5,421.9,6.5z\"\/>\n<\/svg>\t\t<\/div>\n\t\t\t\t\t<div class=\"elementor-container elementor-column-gap-default\">\n\t\t\t\t\t<div class=\"elementor-column elementor-col-50 elementor-top-column elementor-element elementor-element-56d1651b\" data-id=\"56d1651b\" data-element_type=\"column\" data-e-type=\"column\">\n\t\t\t<div class=\"elementor-widget-wrap elementor-element-populated\">\n\t\t\t\t\t\t<div class=\"elementor-element elementor-element-26c5d485 elementor-widget elementor-widget-text-editor\" data-id=\"26c5d485\" data-element_type=\"widget\" data-e-type=\"widget\" data-widget_type=\"text-editor.default\">\n\t\t\t\t<div class=\"elementor-widget-container\">\n\t\t\t\t\t\t\t\t\t<p>Et oui\u2026 Finis les salons du mariage \u00e0 moquette et mobilier obsol\u00e8tes et poussi\u00e9reux ! Finies \u00e9galement les chaises de Mairie froides et inesth\u00e9tiques autour du d\u00e9fil\u00e9 et dans l\u2019espace de restauration\u2026<\/p>\n<p>Depuis 2014 vous adorez le SO CUTE Magazine !!! Pour la 2024\/2025 votre magazine chouchou vous sera offert \u00e0 l&rsquo;entr\u00e9e de nos salons !!!<\/p>\n<p>Et le So Cute vous sera offert \u00e0 l\u2019entr\u00e9e des salons du mariage organis\u00e9s par ID Organisation mais aussi chez les enseignes partenaires.<\/p>\n<p>Demandez vite le v\u00f4tre !!! Il regorge d\u2019extraordinaires adresses, de bons conseils, de fiches pratiques et il est gratuit !<\/p>\t\t\t\t\t\t\t\t<\/div>\n\t\t\t\t<\/div>\n\t\t\t\t\t<\/div>\n\t\t<\/div>\n\t\t\t\t<div class=\"elementor-column elementor-col-50 elementor-top-column elementor-element elementor-element-42a9633c\" data-id=\"42a9633c\" data-element_type=\"column\" data-e-type=\"column\">\n\t\t\t<div class=\"elementor-widget-wrap elementor-element-populated\">\n\t\t\t\t\t\t<div class=\"elementor-element elementor-element-4b1d587f elementor-cta--valign-middle elementor-cta--skin-classic elementor-animated-content elementor-bg-transform elementor-bg-transform-zoom-in elementor-widget elementor-widget-call-to-action\" data-id=\"4b1d587f\" data-element_type=\"widget\" data-e-type=\"widget\" data-widget_type=\"call-to-action.default\">\n\t\t\t\t<div class=\"elementor-widget-container\">\n\t\t\t\t\t\t\t<div class=\"elementor-cta\">\n\t\t\t\t\t<div class=\"elementor-cta__bg-wrapper\">\n\t\t\t\t<div class=\"elementor-cta__bg elementor-bg\" style=\"background-image: url(https:\/\/www.salonsmariage.com\/index\/wp-content\/uploads\/2011\/03\/backstage-defile-salon-du-mariage.jpg);\" role=\"img\" aria-label=\"backstage-defile-salon-du-mariage\"><\/div>\n\t\t\t\t<div class=\"elementor-cta__bg-overlay\"><\/div>\n\t\t\t<\/div>\n\t\t\t\t\t\t\t\t<\/div>\n\t\t\t\t\t\t<\/div>\n\t\t\t\t<\/div>\n\t\t\t\t\t<\/div>\n\t\t<\/div>\n\t\t\t\t\t<\/div>\n\t\t<\/section>\n\t\t\t\t<section class=\"elementor-section elementor-top-section elementor-element elementor-element-d887cca elementor-section-boxed elementor-section-height-default elementor-section-height-default\" data-id=\"d887cca\" data-element_type=\"section\" data-e-type=\"section\">\n\t\t\t\t\t\t<div class=\"elementor-container elementor-column-gap-default\">\n\t\t\t\t\t<div class=\"elementor-column elementor-col-100 elementor-top-column elementor-element elementor-element-e0d4396\" data-id=\"e0d4396\" data-element_type=\"column\" data-e-type=\"column\">\n\t\t\t<div class=\"elementor-widget-wrap elementor-element-populated\">\n\t\t\t\t\t\t<div class=\"elementor-element elementor-element-0b5a57f elementor-widget elementor-widget-heading\" data-id=\"0b5a57f\" data-element_type=\"widget\" data-e-type=\"widget\" data-widget_type=\"heading.default\">\n\t\t\t\t<div class=\"elementor-widget-container\">\n\t\t\t\t\t<h2 class=\"elementor-heading-title elementor-size-default\">ID ORGANISATION<br>vu par ses clients<\/h2>\t\t\t\t<\/div>\n\t\t\t\t<\/div>\n\t\t\t\t\t<\/div>\n\t\t<\/div>\n\t\t\t\t\t<\/div>\n\t\t<\/section>\n\t\t\t\t<section class=\"elementor-section elementor-top-section elementor-element elementor-element-40bac6f elementor-section-boxed elementor-section-height-default elementor-section-height-default\" data-id=\"40bac6f\" data-element_type=\"section\" data-e-type=\"section\">\n\t\t\t\t\t\t<div class=\"elementor-container elementor-column-gap-default\">\n\t\t\t\t\t<div class=\"elementor-column elementor-col-100 elementor-top-column elementor-element elementor-element-c1abfda\" data-id=\"c1abfda\" data-element_type=\"column\" data-e-type=\"column\">\n\t\t\t<div class=\"elementor-widget-wrap elementor-element-populated\">\n\t\t\t\t\t\t<div class=\"elementor-element elementor-element-8b1022a elementor-widget elementor-widget-heading\" data-id=\"8b1022a\" data-element_type=\"widget\" data-e-type=\"widget\" data-widget_type=\"heading.default\">\n\t\t\t\t<div class=\"elementor-widget-container\">\n\t\t\t\t\t<h2 class=\"elementor-heading-title elementor-size-default\">Eternisez : Films de mariage<\/h2>\t\t\t\t<\/div>\n\t\t\t\t<\/div>\n\t\t\t\t<div class=\"elementor-element elementor-element-bc0e194 elementor-widget elementor-widget-text-editor\" data-id=\"bc0e194\" data-element_type=\"widget\" data-e-type=\"widget\" data-widget_type=\"text-editor.default\">\n\t\t\t\t<div class=\"elementor-widget-container\">\n\t\t\t\t\t\t\t\t\t<p><em>\u00ab\u00a0Merci encore pour vos services et votre accompagnement. Vous nous avez vraiment aid\u00e9s avec vos conseils alors que nous commencions notre activit\u00e9. Nous avons r\u00e9ussi \u00e0 remplir \u00e0 70 % notre saison rien qu&rsquo;avec un stand sur votre salon. Ne changez rien, et je suis impatient de vous retrouver cette ann\u00e9e.\u00a0\u00bb<\/em><\/p>\t\t\t\t\t\t\t\t<\/div>\n\t\t\t\t<\/div>\n\t\t\t\t\t<\/div>\n\t\t<\/div>\n\t\t\t\t\t<\/div>\n\t\t<\/section>\n\t\t\t\t<section class=\"elementor-section elementor-top-section elementor-element elementor-element-d60c3a6 elementor-section-boxed elementor-section-height-default elementor-section-height-default\" data-id=\"d60c3a6\" data-element_type=\"section\" data-e-type=\"section\">\n\t\t\t\t\t\t<div class=\"elementor-container elementor-column-gap-default\">\n\t\t\t\t\t<div class=\"elementor-column elementor-col-100 elementor-top-column elementor-element elementor-element-b1cb6fc\" data-id=\"b1cb6fc\" data-element_type=\"column\" data-e-type=\"column\">\n\t\t\t<div class=\"elementor-widget-wrap elementor-element-populated\">\n\t\t\t\t\t\t<div class=\"elementor-element elementor-element-f79c2d2 elementor-widget elementor-widget-heading\" data-id=\"f79c2d2\" data-element_type=\"widget\" data-e-type=\"widget\" data-widget_type=\"heading.default\">\n\t\t\t\t<div class=\"elementor-widget-container\">\n\t\t\t\t\t<h2 class=\"elementor-heading-title elementor-size-default\">A Giorno : Photographe<\/h2>\t\t\t\t<\/div>\n\t\t\t\t<\/div>\n\t\t\t\t<div class=\"elementor-element elementor-element-0701168 elementor-widget elementor-widget-text-editor\" data-id=\"0701168\" data-element_type=\"widget\" data-e-type=\"widget\" data-widget_type=\"text-editor.default\">\n\t\t\t\t<div class=\"elementor-widget-container\">\n\t\t\t\t\t\t\t\t\t<p><em>\u00ab\u00a0Bien qu&rsquo;on angoisse toujours lors d&rsquo;un salon, toutes les conditions \u00e9taient r\u00e9unies : du monde, une belle d\u00e9coration, des prestataires \u00e9quilibr\u00e9s et soucieux de leur pr\u00e9sentation, une organisation impeccable, une ambiance et une qualit\u00e9 que je n&rsquo;ai retrouv\u00e9 nulle part ailleurs. Et vous \u00eates extr\u00eamement serviable, d\u00e8s qu&rsquo;on a besoin de quelque chose, on a juste \u00e0 vous demander. Toutes les conditions pour r\u00e9aliser un salon sereinement. Encore merci pour votre professionnalisme et votre \u00e9coute.\u00a0\u00bb<\/em><\/p>\t\t\t\t\t\t\t\t<\/div>\n\t\t\t\t<\/div>\n\t\t\t\t\t<\/div>\n\t\t<\/div>\n\t\t\t\t\t<\/div>\n\t\t<\/section>\n\t\t\t\t<section class=\"elementor-section elementor-top-section elementor-element elementor-element-db61c1f elementor-section-boxed elementor-section-height-default elementor-section-height-default\" data-id=\"db61c1f\" data-element_type=\"section\" data-e-type=\"section\">\n\t\t\t\t\t\t<div class=\"elementor-container elementor-column-gap-default\">\n\t\t\t\t\t<div class=\"elementor-column elementor-col-100 elementor-top-column elementor-element elementor-element-c75af93\" data-id=\"c75af93\" data-element_type=\"column\" data-e-type=\"column\">\n\t\t\t<div class=\"elementor-widget-wrap elementor-element-populated\">\n\t\t\t\t\t\t<div class=\"elementor-element elementor-element-51f4ae9 elementor-widget elementor-widget-heading\" data-id=\"51f4ae9\" data-element_type=\"widget\" data-e-type=\"widget\" data-widget_type=\"heading.default\">\n\t\t\t\t<div class=\"elementor-widget-container\">\n\t\t\t\t\t<h2 class=\"elementor-heading-title elementor-size-default\">BROC Jean Fran\u00e7ois : Photographe<\/h2>\t\t\t\t<\/div>\n\t\t\t\t<\/div>\n\t\t\t\t<div class=\"elementor-element elementor-element-bad7e05 elementor-widget elementor-widget-text-editor\" data-id=\"bad7e05\" data-element_type=\"widget\" data-e-type=\"widget\" data-widget_type=\"text-editor.default\">\n\t\t\t\t<div class=\"elementor-widget-container\">\n\t\t\t\t\t\t\t\t\t<p><em>\u00ab\u00a0Claire, Philippe, je tenais \u00e0 vous remercier de votre excellente organisation lors de ce salon du mariage. Tout fut parfait, depuis votre pr\u00e9sence \u00e0 nos c\u00f4t\u00e9s durant toute la dur\u00e9e du salon, les d\u00e9fil\u00e9s avec des mannequins professionnels, au verre de l\u2019amiti\u00e9\u2026 etc. Les stands \u00e9taient bien install\u00e9s et la fr\u00e9quentation tout \u00e0 fait remarquable, outre les contrats sign\u00e9s sur place, j\u2019ai \u00e0 ce jour de nombreux contacts avec des futurs mari\u00e9s. Vous avez d\u00e9finitivement acquis ma confiance. Votre professionnalisme \u00e9tant \u00e0 la hauteur de mon ambition et de mes besoins professionnels.\u00a0\u00bb<\/em><\/p>\t\t\t\t\t\t\t\t<\/div>\n\t\t\t\t<\/div>\n\t\t\t\t\t<\/div>\n\t\t<\/div>\n\t\t\t\t\t<\/div>\n\t\t<\/section>\n\t\t\t\t<section class=\"elementor-section elementor-top-section elementor-element elementor-element-91eac36 elementor-section-boxed elementor-section-height-default elementor-section-height-default\" data-id=\"91eac36\" data-element_type=\"section\" data-e-type=\"section\">\n\t\t\t\t\t\t<div class=\"elementor-container elementor-column-gap-default\">\n\t\t\t\t\t<div class=\"elementor-column elementor-col-100 elementor-top-column elementor-element elementor-element-8e2186f\" data-id=\"8e2186f\" data-element_type=\"column\" data-e-type=\"column\">\n\t\t\t<div class=\"elementor-widget-wrap elementor-element-populated\">\n\t\t\t\t\t\t<div class=\"elementor-element elementor-element-9ac5790 elementor-widget elementor-widget-heading\" data-id=\"9ac5790\" data-element_type=\"widget\" data-e-type=\"widget\" data-widget_type=\"heading.default\">\n\t\t\t\t<div class=\"elementor-widget-container\">\n\t\t\t\t\t<h2 class=\"elementor-heading-title elementor-size-default\">Monique Guilhot cr\u00e9ation : Robes de mari\u00e9e sur mesure<\/h2>\t\t\t\t<\/div>\n\t\t\t\t<\/div>\n\t\t\t\t<div class=\"elementor-element elementor-element-0417a42 elementor-widget elementor-widget-text-editor\" data-id=\"0417a42\" data-element_type=\"widget\" data-e-type=\"widget\" data-widget_type=\"text-editor.default\">\n\t\t\t\t<div class=\"elementor-widget-container\">\n\t\t\t\t\t\t\t\t\t<p><em>\u00ab\u00a0\u00catre \u00e0 l\u2019\u00e9coute des exposants, c\u2019est primordial, mais vous, laissez-moi vous dire que vous avez \u00e9t\u00e9 plus qu\u2019\u00e0 l\u2019\u00e9coute. Cela fait d\u00e9j\u00e0 9 ans que je fais des salons du mariage avec diff\u00e9rents organisateurs et je peux vous assurer que vous \u00eates les plus m\u00e9ritants et professionnels de tous, avec une qualit\u00e9 de services, une logistique et une communication beaucoup plus aboutie. Vous, ce que vous dites, vous le faites, il n\u2019y a pas de mensonges.\u00a0\u00bb<\/em><\/p>\t\t\t\t\t\t\t\t<\/div>\n\t\t\t\t<\/div>\n\t\t\t\t\t<\/div>\n\t\t<\/div>\n\t\t\t\t\t<\/div>\n\t\t<\/section>\n\t\t\t\t<section class=\"elementor-section elementor-top-section elementor-element elementor-element-845ffde elementor-section-boxed elementor-section-height-default elementor-section-height-default\" data-id=\"845ffde\" data-element_type=\"section\" data-e-type=\"section\">\n\t\t\t\t\t\t<div class=\"elementor-container elementor-column-gap-default\">\n\t\t\t\t\t<div class=\"elementor-column elementor-col-100 elementor-top-column elementor-element elementor-element-5d68a92\" data-id=\"5d68a92\" data-element_type=\"column\" data-e-type=\"column\">\n\t\t\t<div class=\"elementor-widget-wrap elementor-element-populated\">\n\t\t\t\t\t\t<div class=\"elementor-element elementor-element-35a1c1d elementor-widget elementor-widget-heading\" data-id=\"35a1c1d\" data-element_type=\"widget\" data-e-type=\"widget\" data-widget_type=\"heading.default\">\n\t\t\t\t<div class=\"elementor-widget-container\">\n\t\t\t\t\t<h2 class=\"elementor-heading-title elementor-size-default\">Estelle Chassillant : Doigts de f\u00e9e (styliste ongulaire)<\/h2>\t\t\t\t<\/div>\n\t\t\t\t<\/div>\n\t\t\t\t<div class=\"elementor-element elementor-element-3d92e8a elementor-widget elementor-widget-text-editor\" data-id=\"3d92e8a\" data-element_type=\"widget\" data-e-type=\"widget\" data-widget_type=\"text-editor.default\">\n\t\t\t\t<div class=\"elementor-widget-container\">\n\t\t\t\t\t\t\t\t\t<p><em>\u00ab\u00a0Ayant d\u00e9j\u00e0 particip\u00e9 \u00e0 deux de vos salons du mariage, je tenais \u00e0 r\u00e9\u00e9diter mes f\u00e9licitations pour cet \u00e9v\u00e9nement. Je tenais \u00e9galement \u00e0 mettre en avant le professionnalisme et le s\u00e9rieux de votre soci\u00e9t\u00e9, tous les d\u00e9tails \u00e9taient pr\u00e9sents pour un salon r\u00e9ussi : d\u00e9coration soign\u00e9e, s\u00e9curit\u00e9 pr\u00e9sente et discr\u00e8te, stands propres avec \u00e9quipement de qualit\u00e9, restauration avec un bon rapport qualit\u00e9\/prix, participation tarifaire attractive, signalisation du salon excellente, qualit\u00e9 du d\u00e9fil\u00e9, pr\u00e9sence de nombreux corps de m\u00e9tier permettant un mariage r\u00e9ussi, pr\u00e9sence d\u2019un extraordinaire animateur micro.\u00a0\u00bb<\/em><\/p>\t\t\t\t\t\t\t\t<\/div>\n\t\t\t\t<\/div>\n\t\t\t\t\t<\/div>\n\t\t<\/div>\n\t\t\t\t\t<\/div>\n\t\t<\/section>\n\t\t\t\t<section class=\"elementor-section elementor-top-section elementor-element elementor-element-3536aae elementor-section-boxed elementor-section-height-default elementor-section-height-default\" data-id=\"3536aae\" data-element_type=\"section\" data-e-type=\"section\">\n\t\t\t\t\t\t<div class=\"elementor-container elementor-column-gap-default\">\n\t\t\t\t\t<div class=\"elementor-column elementor-col-100 elementor-top-column elementor-element elementor-element-09b393e\" data-id=\"09b393e\" data-element_type=\"column\" data-e-type=\"column\">\n\t\t\t<div class=\"elementor-widget-wrap elementor-element-populated\">\n\t\t\t\t\t\t<div class=\"elementor-element elementor-element-0ec5d26 elementor-widget elementor-widget-heading\" data-id=\"0ec5d26\" data-element_type=\"widget\" data-e-type=\"widget\" data-widget_type=\"heading.default\">\n\t\t\t\t<div class=\"elementor-widget-container\">\n\t\t\t\t\t<h2 class=\"elementor-heading-title elementor-size-default\">GM Vid\u00e9eo : Vid\u00e9os et photos de mariage<\/h2>\t\t\t\t<\/div>\n\t\t\t\t<\/div>\n\t\t\t\t<div class=\"elementor-element elementor-element-f1b90be elementor-widget elementor-widget-text-editor\" data-id=\"f1b90be\" data-element_type=\"widget\" data-e-type=\"widget\" data-widget_type=\"text-editor.default\">\n\t\t\t\t<div class=\"elementor-widget-container\">\n\t\t\t\t\t\t\t\t\t<p><em>\u00ab\u00a0Nous avons trouv\u00e9 qu\u2019au sein de votre salon, il y r\u00e9gnait une ambiance \u00ab bon enfant \u00bb tant dans la relation entre commer\u00e7ants exposants qu\u2019avec les visiteurs du salon. Nous vous f\u00e9licitons pour votre professionnalisme ainsi que pour l\u2019organisation et la convivialit\u00e9 sur les deux jours pass\u00e9s ensemble.\u00a0\u00bb<\/em><\/p>\t\t\t\t\t\t\t\t<\/div>\n\t\t\t\t<\/div>\n\t\t\t\t\t<\/div>\n\t\t<\/div>\n\t\t\t\t\t<\/div>\n\t\t<\/section>\n\t\t\t\t<section class=\"elementor-section elementor-top-section elementor-element elementor-element-fd71fdf elementor-section-boxed elementor-section-height-default elementor-section-height-default\" data-id=\"fd71fdf\" data-element_type=\"section\" data-e-type=\"section\">\n\t\t\t\t\t\t<div class=\"elementor-container elementor-column-gap-default\">\n\t\t\t\t\t<div class=\"elementor-column elementor-col-100 elementor-top-column elementor-element elementor-element-15af289\" data-id=\"15af289\" data-element_type=\"column\" data-e-type=\"column\">\n\t\t\t<div class=\"elementor-widget-wrap elementor-element-populated\">\n\t\t\t\t\t\t<div class=\"elementor-element elementor-element-824002d elementor-widget elementor-widget-heading\" data-id=\"824002d\" data-element_type=\"widget\" data-e-type=\"widget\" data-widget_type=\"heading.default\">\n\t\t\t\t<div class=\"elementor-widget-container\">\n\t\t\t\t\t<h2 class=\"elementor-heading-title elementor-size-default\">Partouche evenement : Location de mat\u00e9riel<\/h2>\t\t\t\t<\/div>\n\t\t\t\t<\/div>\n\t\t\t\t<div class=\"elementor-element elementor-element-bcadd25 elementor-widget elementor-widget-text-editor\" data-id=\"bcadd25\" data-element_type=\"widget\" data-e-type=\"widget\" data-widget_type=\"text-editor.default\">\n\t\t\t\t<div class=\"elementor-widget-container\">\n\t\t\t\t\t\t\t\t\t<p><em>\u00ab\u00a0Je tiens \u00e0 vous f\u00e9liciter pour le salon que vous avez r\u00e9alis\u00e9 cette ann\u00e9e sur la ville d\u2019Arles. Ce salon nous a apport\u00e9 enti\u00e8re satisfaction sur le plan commercial. De plus la qualit\u00e9 de la relation que vous avez entretenue avec les exposants a \u00e9t\u00e9 un facteur suppl\u00e9mentaire de satisfaction. Vous avez abord\u00e9 cette manifestation avec beaucoup de s\u00e9rieux et vous avez fait un effort particulier sur la communication autour de l\u2019\u00e9v\u00e9nement, ce qui est selon nous le plus important pour la r\u00e9ussite d\u2019un tel salon.\u00a0\u00bb<\/em><\/p>\t\t\t\t\t\t\t\t<\/div>\n\t\t\t\t<\/div>\n\t\t\t\t\t<\/div>\n\t\t<\/div>\n\t\t\t\t\t<\/div>\n\t\t<\/section>\n\t\t\t\t<section class=\"elementor-section elementor-top-section elementor-element elementor-element-f1c0575 elementor-section-boxed elementor-section-height-default elementor-section-height-default\" data-id=\"f1c0575\" data-element_type=\"section\" data-e-type=\"section\">\n\t\t\t\t\t\t<div class=\"elementor-container elementor-column-gap-default\">\n\t\t\t\t\t<div class=\"elementor-column elementor-col-100 elementor-top-column elementor-element elementor-element-fc8cdb3\" data-id=\"fc8cdb3\" data-element_type=\"column\" data-e-type=\"column\">\n\t\t\t<div class=\"elementor-widget-wrap elementor-element-populated\">\n\t\t\t\t\t\t<div class=\"elementor-element elementor-element-0be6360 elementor-widget elementor-widget-heading\" data-id=\"0be6360\" data-element_type=\"widget\" data-e-type=\"widget\" data-widget_type=\"heading.default\">\n\t\t\t\t<div class=\"elementor-widget-container\">\n\t\t\t\t\t<h2 class=\"elementor-heading-title elementor-size-default\">Les mari\u00e9es d'Emilie : Boutique de robes de mari\u00e9es<\/h2>\t\t\t\t<\/div>\n\t\t\t\t<\/div>\n\t\t\t\t<div class=\"elementor-element elementor-element-8ad9c0f elementor-widget elementor-widget-text-editor\" data-id=\"8ad9c0f\" data-element_type=\"widget\" data-e-type=\"widget\" data-widget_type=\"text-editor.default\">\n\t\t\t\t<div class=\"elementor-widget-container\">\n\t\t\t\t\t\t\t\t\t<p><em>\u00ab\u00a0Suite \u00e0 ma participation \u00e0 l\u2019un de vos salons du mariage cette ann\u00e9e, je vous adresse mes f\u00e9licitations car notre contrat a \u00e9t\u00e9 rempli, d\u2019o\u00f9 les retomb\u00e9es fructueuses que subit ma boutique.\u00a0\u00bb<\/em><\/p>\t\t\t\t\t\t\t\t<\/div>\n\t\t\t\t<\/div>\n\t\t\t\t\t<\/div>\n\t\t<\/div>\n\t\t\t\t\t<\/div>\n\t\t<\/section>\n\t\t\t\t<section class=\"elementor-section elementor-top-section elementor-element elementor-element-be78b31 elementor-section-boxed elementor-section-height-default elementor-section-height-default\" data-id=\"be78b31\" data-element_type=\"section\" data-e-type=\"section\">\n\t\t\t\t\t\t<div class=\"elementor-container elementor-column-gap-default\">\n\t\t\t\t\t<div class=\"elementor-column elementor-col-100 elementor-top-column elementor-element elementor-element-d750b6f\" data-id=\"d750b6f\" data-element_type=\"column\" data-e-type=\"column\">\n\t\t\t<div class=\"elementor-widget-wrap elementor-element-populated\">\n\t\t\t\t\t\t<div class=\"elementor-element elementor-element-5c14ea6 elementor-widget elementor-widget-heading\" data-id=\"5c14ea6\" data-element_type=\"widget\" data-e-type=\"widget\" data-widget_type=\"heading.default\">\n\t\t\t\t<div class=\"elementor-widget-container\">\n\t\t\t\t\t<h2 class=\"elementor-heading-title elementor-size-default\">Alliances antipodes : bijoutier sp\u00e9cialiste des alliances<\/h2>\t\t\t\t<\/div>\n\t\t\t\t<\/div>\n\t\t\t\t<div class=\"elementor-element elementor-element-4bdd058 elementor-widget elementor-widget-text-editor\" data-id=\"4bdd058\" data-element_type=\"widget\" data-e-type=\"widget\" data-widget_type=\"text-editor.default\">\n\t\t\t\t<div class=\"elementor-widget-container\">\n\t\t\t\t\t\t\t\t\t<p><em>\u00ab\u00a0Avec la soci\u00e9t\u00e9 ID Organisation nous avons v\u00e9cu deux belles exp\u00e9riences, cette organisation nous a prouv\u00e9 qu\u2019ils \u00e9taient capables d\u2019organiser avec brio ces manifestations. Ils ont montr\u00e9 un tr\u00e8s grand professionnalisme en optimisant tous les postes qui font le succ\u00e8s de ces manifestations, le d\u00e9fil\u00e9, la pr\u00e9sentation, les fichiers visiteurs, la communication\u2026 Je souhaite vivement que cette organisation puisse me proposer d\u2019autres lieux de rendez-vous.\u00a0\u00bb<\/em><\/p>\t\t\t\t\t\t\t\t<\/div>\n\t\t\t\t<\/div>\n\t\t\t\t\t<\/div>\n\t\t<\/div>\n\t\t\t\t\t<\/div>\n\t\t<\/section>\n\t\t\t\t<section class=\"elementor-section elementor-top-section elementor-element elementor-element-47e0dfc elementor-section-boxed elementor-section-height-default elementor-section-height-default\" data-id=\"47e0dfc\" data-element_type=\"section\" data-e-type=\"section\">\n\t\t\t\t\t\t<div class=\"elementor-container elementor-column-gap-default\">\n\t\t\t\t\t<div class=\"elementor-column elementor-col-100 elementor-top-column elementor-element elementor-element-345ad1d\" data-id=\"345ad1d\" data-element_type=\"column\" data-e-type=\"column\">\n\t\t\t<div class=\"elementor-widget-wrap elementor-element-populated\">\n\t\t\t\t\t\t<div class=\"elementor-element elementor-element-e56c3d2 elementor-widget elementor-widget-heading\" data-id=\"e56c3d2\" data-element_type=\"widget\" data-e-type=\"widget\" data-widget_type=\"heading.default\">\n\t\t\t\t<div class=\"elementor-widget-container\">\n\t\t\t\t\t<h2 class=\"elementor-heading-title elementor-size-default\">Disco Teck animation : Animateur DJ<\/h2>\t\t\t\t<\/div>\n\t\t\t\t<\/div>\n\t\t\t\t<div class=\"elementor-element elementor-element-0f71e3b elementor-widget elementor-widget-text-editor\" data-id=\"0f71e3b\" data-element_type=\"widget\" data-e-type=\"widget\" data-widget_type=\"text-editor.default\">\n\t\t\t\t<div class=\"elementor-widget-container\">\n\t\t\t\t\t\t\t\t\t<p><em>\u00ab\u00a0Compl\u00e8tement satisfait de ce salon du mariage. L\u2019accueil des exposants a \u00e9t\u00e9 bien diff\u00e9rent de celui des autres salons du mariage. Les exposants ont tous fait un effort de d\u00e9coration de leur stand et la d\u00e9coration d\u2019ensemble du salon donnait \u00e0 celui-ci une tr\u00e8s grande qualit\u00e9 per\u00e7ue par les visiteurs. Les visiteurs que j\u2019ai rencontr\u00e9s ont appr\u00e9ci\u00e9 le grand nombre d\u2019exposants pour la pr\u00e9paration de leur mariage.\u00a0\u00bb<\/em><\/p>\t\t\t\t\t\t\t\t<\/div>\n\t\t\t\t<\/div>\n\t\t\t\t\t<\/div>\n\t\t<\/div>\n\t\t\t\t\t<\/div>\n\t\t<\/section>\n\t\t\t\t<section class=\"elementor-section elementor-top-section elementor-element elementor-element-01f025e elementor-section-boxed elementor-section-height-default elementor-section-height-default\" data-id=\"01f025e\" data-element_type=\"section\" data-e-type=\"section\">\n\t\t\t\t\t\t<div class=\"elementor-container elementor-column-gap-default\">\n\t\t\t\t\t<div class=\"elementor-column elementor-col-100 elementor-top-column elementor-element elementor-element-736a349\" data-id=\"736a349\" data-element_type=\"column\" data-e-type=\"column\">\n\t\t\t<div class=\"elementor-widget-wrap elementor-element-populated\">\n\t\t\t\t\t\t<div class=\"elementor-element elementor-element-9328b37 elementor-widget__width-initial elementor-fixed elementor-widget elementor-widget-button\" data-id=\"9328b37\" data-element_type=\"widget\" data-e-type=\"widget\" data-settings=\"{&quot;_position&quot;:&quot;fixed&quot;}\" data-widget_type=\"button.default\">\n\t\t\t\t<div class=\"elementor-widget-container\">\n\t\t\t\t\t\t\t\t\t<div class=\"elementor-button-wrapper\">\n\t\t\t\t\t<a class=\"elementor-button elementor-button-link elementor-size-md\" href=\"mailto:servicecom@id-organisation.com\" target=\"_blank\">\n\t\t\t\t\t\t<span class=\"elementor-button-content-wrapper\">\n\t\t\t\t\t\t<span class=\"elementor-button-icon\">\n\t\t\t\t<i aria-hidden=\"true\" class=\"fas fa-envelope\"><\/i>\t\t\t<\/span>\n\t\t\t\t\t\t\t\t<\/span>\n\t\t\t\t\t<\/a>\n\t\t\t\t<\/div>\n\t\t\t\t\t\t\t\t<\/div>\n\t\t\t\t<\/div>\n\t\t\t\t\t<\/div>\n\t\t<\/div>\n\t\t\t\t\t<\/div>\n\t\t<\/section>\n\t\t\t\t<section class=\"elementor-section elementor-top-section elementor-element elementor-element-1975e03 elementor-section-boxed elementor-section-height-default elementor-section-height-default\" data-id=\"1975e03\" data-element_type=\"section\" data-e-type=\"section\">\n\t\t\t\t\t\t<div class=\"elementor-container elementor-column-gap-default\">\n\t\t\t\t\t<div class=\"elementor-column elementor-col-100 elementor-top-column elementor-element elementor-element-81b9bb3\" data-id=\"81b9bb3\" data-element_type=\"column\" data-e-type=\"column\">\n\t\t\t<div class=\"elementor-widget-wrap elementor-element-populated\">\n\t\t\t\t\t\t<div class=\"elementor-element elementor-element-70fd1dd elementor-shape-rounded elementor-grid-0 e-grid-align-center elementor-widget elementor-widget-social-icons\" data-id=\"70fd1dd\" data-element_type=\"widget\" data-e-type=\"widget\" data-widget_type=\"social-icons.default\">\n\t\t\t\t<div class=\"elementor-widget-container\">\n\t\t\t\t\t\t\t<div class=\"elementor-social-icons-wrapper elementor-grid\" role=\"list\">\n\t\t\t\t\t\t\t<span class=\"elementor-grid-item\" role=\"listitem\">\n\t\t\t\t\t<a class=\"elementor-icon elementor-social-icon elementor-social-icon-facebook elementor-animation-grow elementor-repeater-item-16e274d\" href=\"https:\/\/www.facebook.com\/salonsdumariageidorganisation\" target=\"_blank\" rel=\"noopener\">\n\t\t\t\t\t\t<span class=\"elementor-screen-only\">Facebook<\/span>\n\t\t\t\t\t\t<i aria-hidden=\"true\" class=\"fab fa-facebook\"><\/i>\t\t\t\t\t<\/a>\n\t\t\t\t<\/span>\n\t\t\t\t\t\t\t<span class=\"elementor-grid-item\" role=\"listitem\">\n\t\t\t\t\t<a class=\"elementor-icon elementor-social-icon elementor-social-icon-youtube elementor-animation-grow elementor-repeater-item-c2e850d\" href=\"https:\/\/www.youtube.com\/channel\/UCWmBnW8Ci77nnZq0OvPdhBQ\" target=\"_blank\" rel=\"noopener\">\n\t\t\t\t\t\t<span class=\"elementor-screen-only\">Youtube<\/span>\n\t\t\t\t\t\t<i aria-hidden=\"true\" class=\"fab fa-youtube\"><\/i>\t\t\t\t\t<\/a>\n\t\t\t\t<\/span>\n\t\t\t\t\t\t\t<span class=\"elementor-grid-item\" role=\"listitem\">\n\t\t\t\t\t<a class=\"elementor-icon elementor-social-icon elementor-social-icon-instagram elementor-animation-grow elementor-repeater-item-fb7996a\" href=\"https:\/\/www.instagram.com\/salons_mariage_id_organisation\/\" target=\"_blank\" rel=\"noopener\">\n\t\t\t\t\t\t<span class=\"elementor-screen-only\">Instagram<\/span>\n\t\t\t\t\t\t<i aria-hidden=\"true\" class=\"fab fa-instagram\"><\/i>\t\t\t\t\t<\/a>\n\t\t\t\t<\/span>\n\t\t\t\t\t<\/div>\n\t\t\t\t\t\t<\/div>\n\t\t\t\t<\/div>\n\t\t\t\t\t<\/div>\n\t\t<\/div>\n\t\t\t\t\t<\/div>\n\t\t<\/section>\n\t\t\t\t<\/div>\n\t\t","protected":false},"excerpt":{"rendered":"<p>Qui sommes nous ? ID Organisation, c\u2019est une \u00e9quipe soud\u00e9e, dynamique et p\u00e9tillante d\u2019id\u00e9es, \u00e0 l\u2019\u00e9coute des tendances et de ses clients, qui a su s\u2019imposer sur le march\u00e9 des salons du mariage en \u00ab d\u00e9poussi\u00e9rant \u00bb le concept. En effet, depuis 2008, ID Organisation propose dans tout le sud de la France, des salons [&hellip;]<\/p>\n","protected":false},"author":1,"featured_media":0,"parent":0,"menu_order":0,"comment_status":"closed","ping_status":"open","template":"","meta":{"_acf_changed":false,"footnotes":""},"class_list":["post-50","page","type-page","status-publish","hentry"],"acf":[],"_links":{"self":[{"href":"https:\/\/www.salonsmariage.com\/index\/wp-json\/wp\/v2\/pages\/50","targetHints":{"allow":["GET"]}}],"collection":[{"href":"https:\/\/www.salonsmariage.com\/index\/wp-json\/wp\/v2\/pages"}],"about":[{"href":"https:\/\/www.salonsmariage.com\/index\/wp-json\/wp\/v2\/types\/page"}],"author":[{"embeddable":true,"href":"https:\/\/www.salonsmariage.com\/index\/wp-json\/wp\/v2\/users\/1"}],"replies":[{"embeddable":true,"href":"https:\/\/www.salonsmariage.com\/index\/wp-json\/wp\/v2\/comments?post=50"}],"version-history":[{"count":0,"href":"https:\/\/www.salonsmariage.com\/index\/wp-json\/wp\/v2\/pages\/50\/revisions"}],"wp:attachment":[{"href":"https:\/\/www.salonsmariage.com\/index\/wp-json\/wp\/v2\/media?parent=50"}],"curies":[{"name":"wp","href":"https:\/\/api.w.org\/{rel}","templated":true}]}}